{"id":2647,"date":"2021-08-19T09:30:04","date_gmt":"2021-08-19T09:30:04","guid":{"rendered":"https:\/\/www.vertigomotors.com\/?page_id=2647"},"modified":"2022-04-27T09:26:24","modified_gmt":"2022-04-27T09:26:24","slug":"vertical-2021","status":"publish","type":"page","link":"https:\/\/www.vertigomotors.com\/es\/vertical-2021\/","title":{"rendered":"Vertical 2021"},"content":{"rendered":"<p>[et_pb_section fb_built=\u00bb1&#8243; _builder_version=\u00bb4.16&#8243; _module_preset=\u00bbdefault\u00bb custom_padding=\u00bb0px|0px|0px|0px|false|false\u00bb locked=\u00bboff\u00bb global_colors_info=\u00bb{}\u00bb][et_pb_row _builder_version=\u00bb4.16&#8243; _module_preset=\u00bbdefault\u00bb max_width=\u00bb100%\u00bb custom_padding=\u00bb0px|0px|0px|0px|false|false\u00bb custom_padding_tablet=\u00bb|0px||0px|false|false\u00bb global_colors_info=\u00bb{}\u00bb][et_pb_column type=\u00bb4_4&#8243; _builder_version=\u00bb4.16&#8243; _module_preset=\u00bbdefault\u00bb custom_padding=\u00bb|0px||0px|false|false\u00bb global_colors_info=\u00bb{}\u00bb][et_pb_image src=\u00bbhttp:\/\/www.vertigomotors.com\/wp-content\/uploads\/2021\/09\/vertical_2007290021-1-scaled.jpg\u00bb title_text=\u00bbvertical_2007290021 (1)\u00bb force_fullwidth=\u00bbon\u00bb _builder_version=\u00bb4.16&#8243; _module_preset=\u00bbdefault\u00bb global_colors_info=\u00bb{}\u00bb][\/et_pb_image][\/et_pb_column][\/et_pb_row][\/et_pb_section][et_pb_section fb_built=\u00bb1&#8243; module_class=\u00bbseccion-fd-negro\u00bb _builder_version=\u00bb4.16&#8243; _module_preset=\u00bbdefault\u00bb background_enable_image=\u00bboff\u00bb custom_padding=\u00bb0px||0px||false|false\u00bb locked=\u00bboff\u00bb global_colors_info=\u00bb{}\u00bb][et_pb_row _builder_version=\u00bb4.16&#8243; _module_preset=\u00bbdefault\u00bb custom_padding=\u00bb0px|5px|0px|5px|false|false\u00bb global_colors_info=\u00bb{}\u00bb][et_pb_column type=\u00bb4_4&#8243; _builder_version=\u00bb4.16&#8243; _module_preset=\u00bbdefault\u00bb global_colors_info=\u00bb{}\u00bb][et_pb_text module_class=\u00bbtitulos-seccion\u00bb _builder_version=\u00bb4.16&#8243; _module_preset=\u00bbdefault\u00bb text_text_color=\u00bbgcid-bdf67acb-619e-48e3-a6b8-b3c14a5a183e\u00bb header_3_font=\u00bbSource Sans Pro|600||on|||||\u00bb header_3_text_align=\u00bbcenter\u00bb header_3_text_color=\u00bb#1a171a\u00bb background_color=\u00bbRGBA(0,0,0,0)\u00bb custom_padding=\u00bb5px||0px||false|false\u00bb header_font_tablet=\u00bb\u00bb header_font_phone=\u00bb\u00bb header_font_last_edited=\u00bbon|desktop\u00bb global_colors_info=\u00bb{%22gcid-bdf67acb-619e-48e3-a6b8-b3c14a5a183e%22:%91%22text_text_color%22%93}\u00bb]<\/p>\n<h3>La evoluci\u00f3n de un S\u00edmbolo<\/h3>\n<p>[\/et_pb_text][\/et_pb_column][\/et_pb_row][\/et_pb_section][et_pb_section fb_built=\u00bb1&#8243; module_id=\u00bbcaracteristicas-moto\u00bb _builder_version=\u00bb4.16&#8243; _module_preset=\u00bbdefault\u00bb custom_margin=\u00bb0px||0px||false|false\u00bb custom_padding=\u00bb0px||0px||false|false\u00bb global_colors_info=\u00bb{}\u00bb][et_pb_row _builder_version=\u00bb4.16&#8243; _module_preset=\u00bbdefault\u00bb global_colors_info=\u00bb{}\u00bb][et_pb_column type=\u00bb4_4&#8243; _builder_version=\u00bb4.16&#8243; _module_preset=\u00bbdefault\u00bb global_colors_info=\u00bb{}\u00bb][et_pb_text _builder_version=\u00bb4.16&#8243; _module_preset=\u00bbdefault\u00bb text_font=\u00bbMontserrat|700|||||||\u00bb text_text_color=\u00bbgcid-bdf67acb-619e-48e3-a6b8-b3c14a5a183e\u00bb header_2_font=\u00bbSource Sans Pro|800||on|||||\u00bb header_2_text_align=\u00bbcenter\u00bb header_2_text_color=\u00bb#80bc00&#8243; header_2_font_size=\u00bb42px\u00bb header_2_letter_spacing=\u00bb-1px\u00bb custom_margin=\u00bb0px||0px||false|false\u00bb custom_padding=\u00bb0px||||false|false\u00bb locked=\u00bboff\u00bb global_colors_info=\u00bb{%22gcid-bdf67acb-619e-48e3-a6b8-b3c14a5a183e%22:%91%22text_text_color%22%93}\u00bb]<\/p>\n<h2>Vertical<\/h2>\n<p>[\/et_pb_text][et_pb_text _builder_version=\u00bb4.16&#8243; _module_preset=\u00bbdefault\u00bb text_font=\u00bbMontserrat|700|||||||\u00bb text_text_color=\u00bbgcid-bdf67acb-619e-48e3-a6b8-b3c14a5a183e\u00bb header_2_font=\u00bbSource Sans Pro|800||on|||||\u00bb header_2_text_align=\u00bbcenter\u00bb header_2_text_color=\u00bb#80bc00&#8243; header_2_font_size=\u00bb42px\u00bb header_2_letter_spacing=\u00bb-1px\u00bb header_3_font=\u00bbSource Sans Pro|700|||||||\u00bb header_3_text_align=\u00bbcenter\u00bb header_3_text_color=\u00bb#1a171a\u00bb header_3_font_size=\u00bb42px\u00bb custom_margin=\u00bb0px||0px||false|false\u00bb custom_padding=\u00bb0px||||false|false\u00bb locked=\u00bboff\u00bb global_colors_info=\u00bb{%22gcid-bdf67acb-619e-48e3-a6b8-b3c14a5a183e%22:%91%22text_text_color%22%93}\u00bb]<\/p>\n<h3>2021<\/h3>\n<p>[\/et_pb_text][et_pb_text _builder_version=\u00bb4.16&#8243; _module_preset=\u00bbdefault\u00bb text_text_color=\u00bbgcid-bdf67acb-619e-48e3-a6b8-b3c14a5a183e\u00bb link_text_color=\u00bb#1a171a\u00bb text_orientation=\u00bbcenter\u00bb max_width=\u00bb600px\u00bb module_alignment=\u00bbcenter\u00bb custom_margin=\u00bb10px||||false|false\u00bb custom_padding=\u00bb0px||||false|false\u00bb locked=\u00bboff\u00bb global_colors_info=\u00bb{%22gcid-bdf67acb-619e-48e3-a6b8-b3c14a5a183e%22:%91%22text_text_color%22%93}\u00bb link_text_color__hover_enabled=\u00bbon|hover\u00bb link_text_color__hover=\u00bb#80bc00&#8243;]<\/p>\n<p><span style=\"font-weight: 400;\">La Vertical se ha erigido a lo largo de las \u00faltimas temporadas como una de las motocicletas m\u00e1s competitivas del mercado. Ya sea en el Campeonato del Mundo de TrialGP como en las pruebas hist\u00f3ricas por excelencia del trial, esta moto ha demostrado una vez tras otra su excepcional rendimiento y capacidad para superar cualquier zona. Es por ello que Vertigo se complace en mostrar su evoluci\u00f3n para la temporada 2021, presentando una moto que recoge el fruto del trabajo y los avances realizados durante estos \u00faltimos a\u00f1os en las cilindradas de 125cc, 200cc, 250cc, 280cc y 300cc, todas ellas con sus matices y caracter\u00edsticas espec\u00edficas que las hacen \u00fanicas y diferenciales del resto.<\/span><\/p>\n<p>[\/et_pb_text][et_pb_text module_class=\u00bbzona-descar-moto\u00bb _builder_version=\u00bb4.16&#8243; _module_preset=\u00bbdefault\u00bb text_font=\u00bbSource Sans Pro|600||on|||||\u00bb text_text_color=\u00bbgcid-bdf67acb-619e-48e3-a6b8-b3c14a5a183e\u00bb link_font=\u00bbSource Sans Pro|600|||on|||#1A171A|\u00bb link_text_color=\u00bb#1a171a\u00bb text_orientation=\u00bbcenter\u00bb global_colors_info=\u00bb{%22gcid-bdf67acb-619e-48e3-a6b8-b3c14a5a183e%22:%91%22text_text_color%22%93}\u00bb]<\/p>\n<p>Zona de descargas: <a href=\"http:\/\/www.vertigomotors.com\/wp-content\/uploads\/2021\/08\/MY21-SPARE-PARTS-BOOK-WORKS-125-200cc.pdf\">manual de despiece 125 y 200<\/a> <a href=\"http:\/\/www.vertigomotors.com\/wp-content\/uploads\/2021\/08\/MY21-SPARE-PARTS-BOOK-WORKS-250-280cc.pdf\">manual de despiece 2.5i y 2.8i<\/a>\u00a0<a href=\"http:\/\/www.vertigomotors.com\/wp-content\/uploads\/2021\/08\/MY21-SPARE-PARTS-BOOK-WORKS-300cc.pdf\">MANUAL DESPIECE 3.0i<\/a> <a href=\"http:\/\/www.vertigomotors.com\/wp-content\/uploads\/2021\/08\/MY2021-VERTICAL-WORK-OWNERS-MANUAL.pdf\">manual de usuario<\/a><\/p>\n<p>[\/et_pb_text][\/et_pb_column][\/et_pb_row][\/et_pb_section][et_pb_section fb_built=\u00bb1&#8243; module_class=\u00bbseccion-fd-negro\u00bb _builder_version=\u00bb4.16&#8243; _module_preset=\u00bbdefault\u00bb background_enable_image=\u00bboff\u00bb custom_margin=\u00bb60px||||false|false\u00bb custom_padding=\u00bb0px||0px||false|false\u00bb locked=\u00bboff\u00bb global_colors_info=\u00bb{}\u00bb][et_pb_row _builder_version=\u00bb4.16&#8243; _module_preset=\u00bbdefault\u00bb custom_padding=\u00bb0px|5px|0px|5px|false|false\u00bb global_colors_info=\u00bb{}\u00bb][et_pb_column type=\u00bb4_4&#8243; _builder_version=\u00bb4.16&#8243; _module_preset=\u00bbdefault\u00bb global_colors_info=\u00bb{}\u00bb][et_pb_text module_class=\u00bbtitulos-seccion\u00bb _builder_version=\u00bb4.16&#8243; _module_preset=\u00bbdefault\u00bb text_text_color=\u00bbgcid-bdf67acb-619e-48e3-a6b8-b3c14a5a183e\u00bb header_3_font=\u00bbSource Sans Pro|600||on|||||\u00bb header_3_text_align=\u00bbcenter\u00bb header_3_text_color=\u00bb#1a171a\u00bb background_color=\u00bbRGBA(0,0,0,0)\u00bb custom_padding=\u00bb5px||0px||false|false\u00bb header_font_tablet=\u00bb\u00bb header_font_phone=\u00bb\u00bb header_font_last_edited=\u00bbon|desktop\u00bb global_colors_info=\u00bb{%22gcid-bdf67acb-619e-48e3-a6b8-b3c14a5a183e%22:%91%22text_text_color%22%93}\u00bb]<\/p>\n<h3>Tu pasi\u00f3n no tiene l\u00edmites<\/h3>\n<p>[\/et_pb_text][\/et_pb_column][\/et_pb_row][\/et_pb_section][et_pb_section fb_built=\u00bb1&#8243; _builder_version=\u00bb4.16&#8243; _module_preset=\u00bbdefault\u00bb locked=\u00bboff\u00bb global_colors_info=\u00bb{}\u00bb][et_pb_row column_structure=\u00bb1_3,2_3&#8243; _builder_version=\u00bb4.16&#8243; _module_preset=\u00bbdefault\u00bb custom_padding=\u00bb0px|5px|0px|5px|false|false\u00bb global_colors_info=\u00bb{}\u00bb][et_pb_column type=\u00bb1_3&#8243; _builder_version=\u00bb4.16&#8243; _module_preset=\u00bbdefault\u00bb global_colors_info=\u00bb{}\u00bb][et_pb_text _builder_version=\u00bb4.16&#8243; _module_preset=\u00bbdefault\u00bb text_font=\u00bbSource Sans Pro|700|||||||\u00bb text_text_color=\u00bbgcid-bdf67acb-619e-48e3-a6b8-b3c14a5a183e\u00bb text_font_size=\u00bb18px\u00bb custom_margin=\u00bb||0px||false|false\u00bb custom_padding=\u00bb||0px||false|false\u00bb global_colors_info=\u00bb{%22gcid-bdf67acb-619e-48e3-a6b8-b3c14a5a183e%22:%91%22text_text_color%22%93}\u00bb]<\/p>\n<p>Equipamiento profesional<\/p>\n<p>[\/et_pb_text][et_pb_text _builder_version=\u00bb4.16&#8243; _module_preset=\u00bbdefault\u00bb text_font=\u00bbMontserrat|700|||||||\u00bb text_text_color=\u00bbgcid-bdf67acb-619e-48e3-a6b8-b3c14a5a183e\u00bb header_2_font=\u00bbSource Sans Pro|800||on|||||\u00bb header_2_text_color=\u00bb#80bc00&#8243; header_2_font_size=\u00bb42px\u00bb header_2_letter_spacing=\u00bb-1px\u00bb custom_margin=\u00bb0px||0px||false|false\u00bb custom_padding=\u00bb0px||||false|false\u00bb global_colors_info=\u00bb{%22gcid-bdf67acb-619e-48e3-a6b8-b3c14a5a183e%22:%91%22text_text_color%22%93}\u00bb]<\/p>\n<h2>Vertigo Shop<\/h2>\n<p>[\/et_pb_text][et_pb_text _builder_version=\u00bb4.16&#8243; _module_preset=\u00bbdefault\u00bb text_text_color=\u00bbgcid-bdf67acb-619e-48e3-a6b8-b3c14a5a183e\u00bb link_text_color=\u00bb#1a171a\u00bb custom_margin=\u00bb0px||||false|false\u00bb custom_padding=\u00bb0px|||20px|false|false\u00bb global_colors_info=\u00bb{%22gcid-bdf67acb-619e-48e3-a6b8-b3c14a5a183e%22:%91%22text_text_color%22%93}\u00bb link_text_color__hover_enabled=\u00bbon|hover\u00bb link_text_color__hover=\u00bb#80bc00&#8243;]Te presentamos nuestra colecci\u00f3n de accesorios y complementos para ti y tu moto.<\/p>\n<p>Lleva tu pasi\u00f3n por el Trial a otro nivel:<\/p>\n<p><strong><a href=\"https:\/\/www.vertigomotors.com\/categoria-producto\/merchandising\/\">MERCHANDISING<\/a><\/strong><\/p>\n<p><strong><a href=\"https:\/\/www.vertigomotors.com\/categoria-producto\/piezas-racing\/\">PIEZAS RACING<\/a><\/strong><\/p>\n<p><strong><a href=\"https:\/\/www.vertigomotors.com\/categoria-producto\/ropa\/\">ROPA TRIAL Y CASUAL<\/a><\/strong>[\/et_pb_text][\/et_pb_column][et_pb_column type=\u00bb2_3&#8243; _builder_version=\u00bb4.16&#8243; _module_preset=\u00bbdefault\u00bb global_colors_info=\u00bb{}\u00bb][et_pb_slider module_id=\u00bbproductos-relacionados-moto\u00bb _builder_version=\u00bb4.17.3&#8243; _module_preset=\u00bbdefault\u00bb header_font=\u00bbSource Sans Pro||||||||\u00bb header_text_align=\u00bbcenter\u00bb header_text_color=\u00bb#1A171A\u00bb header_font_size=\u00bb30px\u00bb body_font=\u00bbSource Sans Pro||||||||\u00bb body_text_align=\u00bbcenter\u00bb body_text_color=\u00bb#1A171A\u00bb body_font_size=\u00bb20px\u00bb background_color=\u00bbRGBA(0,0,0,0)\u00bb custom_button=\u00bbon\u00bb button_text_color=\u00bb#FFFFFF\u00bb button_bg_color=\u00bb#8DBB00&#8243; button_border_width=\u00bb0px\u00bb button_border_radius=\u00bb0px\u00bb button_font=\u00bbSource Sans Pro|||on|||||\u00bb button_use_icon=\u00bboff\u00bb button_alignment=\u00bbcenter\u00bb custom_margin=\u00bb0px||0px||true|false\u00bb custom_padding=\u00bb0px||0px||true|false\u00bb auto=\u00bbon\u00bb custom_css_main_element=\u00bbtext-shadow:none;\u00bb custom_css_slide_description=\u00bbtext-shadow:none;\u00bb custom_css_slide_title=\u00bbtext-shadow:none;\u00bb custom_css_slide_controllers=\u00bbcolor:darkgrey;\u00bb custom_css_slide_active_controller=\u00bbcolor:grey;||background-color:grey;\u00bb custom_css_slide_arrows=\u00bbcolor:grey;\u00bb locked=\u00bboff\u00bb global_colors_info=\u00bb{}\u00bb][et_pb_slide _builder_version=\u00bb4.17.3&#8243; _module_preset=\u00bbdefault\u00bb locked=\u00bboff\u00bb global_colors_info=\u00bb{}\u00bb sticky_transition=\u00bbon\u00bb]<\/p>\n<p><span>[et_pb_section global_module=\"9195\"][\/et_pb_section]<\/span><\/p>\n<p>[\/et_pb_slide][et_pb_slide _builder_version=\u00bb4.16&#8243; _module_preset=\u00bbdefault\u00bb locked=\u00bboff\u00bb global_colors_info=\u00bb{}\u00bb sticky_transition=\u00bbon\u00bb]<\/p>\n<p><span>[et_pb_section global_module=\"9078\"][\/et_pb_section]<\/span><\/p>\n<p>[\/et_pb_slide][\/et_pb_slider][\/et_pb_column][\/et_pb_row][\/et_pb_section][et_pb_section fb_built=\u00bb1&#8243; module_id=\u00bbseccion-newsletter-footer\u00bb _builder_version=\u00bb4.9.10&#8243; _module_preset=\u00bbdefault\u00bb background_color=\u00bb#1a171a\u00bb custom_margin=\u00bb0px||||false|false\u00bb custom_padding=\u00bb||||false|false\u00bb global_module=\u00bb8621&#8243; saved_tabs=\u00bball\u00bb locked=\u00bboff\u00bb global_colors_info=\u00bb{%22gcid-bdf67acb-619e-48e3-a6b8-b3c14a5a183e%22:%91%22background_color%22%93}\u00bb][et_pb_row column_structure=\u00bb1_2,1_2&#8243; _builder_version=\u00bb4.16&#8243; _module_preset=\u00bbdefault\u00bb global_colors_info=\u00bb{}\u00bb][et_pb_column type=\u00bb1_2&#8243; _builder_version=\u00bb4.16&#8243; _module_preset=\u00bbdefault\u00bb global_colors_info=\u00bb{}\u00bb][et_pb_text _builder_version=\u00bb4.16&#8243; _module_preset=\u00bbdefault\u00bb text_font=\u00bbMontserrat|700|||||||\u00bb text_text_color=\u00bbgcid-bdf67acb-619e-48e3-a6b8-b3c14a5a183e\u00bb header_2_font=\u00bbSource Sans Pro|800||on|||||\u00bb header_2_text_color=\u00bb#80bc00&#8243; header_2_font_size=\u00bb42px\u00bb header_2_letter_spacing=\u00bb-1px\u00bb custom_margin=\u00bb0px||20px||false|false\u00bb custom_padding=\u00bb0px||||false|false\u00bb global_colors_info=\u00bb{%22gcid-bdf67acb-619e-48e3-a6b8-b3c14a5a183e%22:%91%22text_text_color%22%93}\u00bb]<\/p>\n<h2>\u00bfCompartimos pasi\u00f3n?<\/h2>\n<p>[\/et_pb_text][et_pb_text _builder_version=\u00bb4.16&#8243; _module_preset=\u00bbdefault\u00bb text_text_color=\u00bb#FFFFFF\u00bb link_text_color=\u00bb#1a171a\u00bb custom_margin=\u00bb0px||||false|false\u00bb custom_padding=\u00bb0px|||0px|false|false\u00bb custom_css_main_element=\u00bbcolor:white !important;\u00bb global_colors_info=\u00bb{%22gcid-bdf67acb-619e-48e3-a6b8-b3c14a5a183e%22:%91%22text_text_color%22%93}\u00bb link_text_color__hover_enabled=\u00bbon|hover\u00bb link_text_color__hover=\u00bb#80bc00&#8243;]<\/p>\n<p>Suscr\u00edbete a nuestra newsletter y te mantendremos informado de todas las novedades sobre el mundo del Trial.<\/p>\n<p>Adem\u00e1s te informaremos en primicia de nuevos lanzamientos y promociones exclusivas de VERTIGO MOTORS.<\/p>\n<p>[\/et_pb_text][\/et_pb_column][et_pb_column type=\u00bb1_2&#8243; _builder_version=\u00bb4.16&#8243; _module_preset=\u00bbdefault\u00bb global_colors_info=\u00bb{}\u00bb][et_pb_text _builder_version=\u00bb4.16&#8243; _module_preset=\u00bbdefault\u00bb text_text_color=\u00bbgcid-bdf67acb-619e-48e3-a6b8-b3c14a5a183e\u00bb global_colors_info=\u00bb{%22gcid-bdf67acb-619e-48e3-a6b8-b3c14a5a183e%22:%91%22text_text_color%22%93}\u00bb]\n<div class=\"wpcf7 no-js\" id=\"wpcf7-f340-o1\" lang=\"es-ES\" dir=\"ltr\" data-wpcf7-id=\"340\">\n<div class=\"screen-reader-response\"><p role=\"status\" aria-live=\"polite\" aria-atomic=\"true\"><\/p> <ul><\/ul><\/div>\n<form action=\"\/es\/wp-json\/wp\/v2\/pages\/2647#wpcf7-f340-o1\" method=\"post\" class=\"wpcf7-form init\" aria-label=\"Formulario de contacto\" novalidate=\"novalidate\" data-status=\"init\">\n<fieldset class=\"hidden-fields-container\"><input type=\"hidden\" name=\"_wpcf7\" value=\"340\" \/><input type=\"hidden\" name=\"_wpcf7_version\" value=\"6.1.5\" \/><input type=\"hidden\" name=\"_wpcf7_locale\" value=\"es_ES\" \/><input type=\"hidden\" name=\"_wpcf7_unit_tag\" value=\"wpcf7-f340-o1\" \/><input type=\"hidden\" name=\"_wpcf7_container_post\" value=\"0\" \/><input type=\"hidden\" name=\"_wpcf7_posted_data_hash\" value=\"\" \/>\n<\/fieldset>\n<div class=\"caja-form-susbribete\" id=\"id-caja-form-susbribete\">\n\t<div class=\"caja-inputs\">\n\t\t<p><span class=\"wpcf7-form-control-wrap\" data-name=\"nombre\"><input size=\"40\" maxlength=\"400\" class=\"wpcf7-form-control wpcf7-text wpcf7-validates-as-required\" aria-required=\"true\" aria-invalid=\"false\" placeholder=\"Nombre*\" value=\"\" type=\"text\" name=\"nombre\" \/><\/span><br \/>\n<span class=\"wpcf7-form-control-wrap\" data-name=\"your-mail\"><input size=\"40\" maxlength=\"400\" class=\"wpcf7-form-control wpcf7-email wpcf7-validates-as-required wpcf7-text wpcf7-validates-as-email\" aria-required=\"true\" aria-invalid=\"false\" placeholder=\"Correo electr\u00f3nico*\" value=\"\" type=\"email\" name=\"your-mail\" \/><\/span>\n\t\t<\/p>\n\t\t<div class=\"privacidad\">\n\t\t\t<p><label><span class=\"wpcf7-form-control-wrap\" data-name=\"privacidad\"><span class=\"wpcf7-form-control wpcf7-acceptance\"><span class=\"wpcf7-list-item\"><input type=\"checkbox\" name=\"privacidad\" value=\"1\" aria-invalid=\"false\" \/><\/span><\/span><\/span> He le\u00eddo y acepto la <a href=\"\/politica-de-privacidad\" target=\"_blank\">pol\u00edtica de privacidad<\/a>.<\/label>\n\t\t\t<\/p>\n\t\t<\/div>\n\t<\/div>\n\t<div class=\"caja-boton\">\n\t\t<p><span id=\"wpcf7-69f227800d5f4-wrapper\" class=\"wpcf7-form-control-wrap email-wrap\" style=\"display:none !important; visibility:hidden !important;\"><label for=\"wpcf7-69f227800d5f4-field\" class=\"hp-message\">Por favor, deja este campo vac\u00edo.<\/label><input id=\"wpcf7-69f227800d5f4-field\"  class=\"wpcf7-form-control wpcf7-text\" type=\"text\" name=\"email\" value=\"\" size=\"40\" tabindex=\"-1\" autocomplete=\"new-password\" \/><\/span><br \/>\n<button class=\"wpcf7-form-control wpcf7-submit has-spinner et_pb_button et_pb_bg_layout_light\" type=\"submit\" value=\"OK\">OK<\/button>\n\t\t<\/p>\n\t<\/div>\n<\/div><div class=\"wpcf7-response-output\" aria-hidden=\"true\"><\/div>\n<\/form>\n<\/div>\n[\/et_pb_text][\/et_pb_column][\/et_pb_row][\/et_pb_section]<\/p>\n","protected":false},"excerpt":{"rendered":"<p>La evoluci\u00f3n de un S\u00edmboloVertical2021La Vertical se ha erigido a lo largo de las \u00faltimas temporadas como una de las motocicletas m\u00e1s competitivas del mercado. Ya sea en el Campeonato del Mundo de TrialGP como en las pruebas hist\u00f3ricas por excelencia del trial, esta moto ha demostrado una vez tras otra su excepcional rendimiento y [&hellip;]<\/p>\n","protected":false},"author":1,"featured_media":0,"parent":0,"menu_order":0,"comment_status":"closed","ping_status":"closed","template":"","meta":{"_et_pb_use_builder":"on","_et_pb_old_content":"","_et_gb_content_width":"","inline_featured_image":false,"footnotes":""},"class_list":["post-2647","page","type-page","status-publish","hentry"],"yoast_head":"<!-- This site is optimized with the Yoast SEO plugin v27.5 - https:\/\/yoast.com\/product\/yoast-seo-wordpress\/ -->\n<title>Vertigo Motors I Vertigo Experience &amp; Passion I Vertical 2021<\/title>\n<meta name=\"description\" content=\"La Vertical se ha erigido a lo largo de las \u00faltimas temporadas como una de las motocicletas m\u00e1s competitivas del mercado. Ha demostrado su rendimiento y capacidad para superar cualquier zona.\" \/>\n<meta name=\"robots\" content=\"index, follow, max-snippet:-1, max-image-preview:large, max-video-preview:-1\" \/>\n<link rel=\"canonical\" href=\"https:\/\/www.vertigomotors.com\/es\/vertical-2021\/\" \/>\n<meta property=\"og:locale\" content=\"es_ES\" \/>\n<meta property=\"og:type\" content=\"article\" \/>\n<meta property=\"og:title\" content=\"Vertigo Motors I Vertigo Experience &amp; Passion I Vertical 2021\" \/>\n<meta property=\"og:description\" content=\"La Vertical se ha erigido a lo largo de las \u00faltimas temporadas como una de las motocicletas m\u00e1s competitivas del mercado. Ha demostrado su rendimiento y capacidad para superar cualquier zona.\" \/>\n<meta property=\"og:url\" content=\"https:\/\/www.vertigomotors.com\/es\/vertical-2021\/\" \/>\n<meta property=\"og:site_name\" content=\"Vertigo Motors\" \/>\n<meta property=\"article:modified_time\" content=\"2022-04-27T09:26:24+00:00\" \/>\n<meta name=\"twitter:card\" content=\"summary_large_image\" \/>\n<meta name=\"twitter:label1\" content=\"Tiempo de lectura\" \/>\n\t<meta name=\"twitter:data1\" content=\"9 minutos\" \/>\n<script type=\"application\/ld+json\" class=\"yoast-schema-graph\">{\"@context\":\"https:\\\/\\\/schema.org\",\"@graph\":[{\"@type\":\"WebPage\",\"@id\":\"https:\\\/\\\/www.vertigomotors.com\\\/es\\\/vertical-2021\\\/\",\"url\":\"https:\\\/\\\/www.vertigomotors.com\\\/es\\\/vertical-2021\\\/\",\"name\":\"Vertigo Motors I Vertigo Experience & Passion I Vertical 2021\",\"isPartOf\":{\"@id\":\"https:\\\/\\\/www.vertigomotors.com\\\/es\\\/#website\"},\"datePublished\":\"2021-08-19T09:30:04+00:00\",\"dateModified\":\"2022-04-27T09:26:24+00:00\",\"description\":\"La Vertical se ha erigido a lo largo de las \u00faltimas temporadas como una de las motocicletas m\u00e1s competitivas del mercado. Ha demostrado su rendimiento y capacidad para superar cualquier zona.\",\"breadcrumb\":{\"@id\":\"https:\\\/\\\/www.vertigomotors.com\\\/es\\\/vertical-2021\\\/#breadcrumb\"},\"inLanguage\":\"es\",\"potentialAction\":[{\"@type\":\"ReadAction\",\"target\":[\"https:\\\/\\\/www.vertigomotors.com\\\/es\\\/vertical-2021\\\/\"]}]},{\"@type\":\"BreadcrumbList\",\"@id\":\"https:\\\/\\\/www.vertigomotors.com\\\/es\\\/vertical-2021\\\/#breadcrumb\",\"itemListElement\":[{\"@type\":\"ListItem\",\"position\":1,\"name\":\"Inicio\",\"item\":\"https:\\\/\\\/www.vertigomotors.com\\\/es\\\/\"},{\"@type\":\"ListItem\",\"position\":2,\"name\":\"Vertical 2021\"}]},{\"@type\":\"WebSite\",\"@id\":\"https:\\\/\\\/www.vertigomotors.com\\\/es\\\/#website\",\"url\":\"https:\\\/\\\/www.vertigomotors.com\\\/es\\\/\",\"name\":\"Vertigo Motors\",\"description\":\"Vertigo Motors\",\"potentialAction\":[{\"@type\":\"SearchAction\",\"target\":{\"@type\":\"EntryPoint\",\"urlTemplate\":\"https:\\\/\\\/www.vertigomotors.com\\\/es\\\/?s={search_term_string}\"},\"query-input\":{\"@type\":\"PropertyValueSpecification\",\"valueRequired\":true,\"valueName\":\"search_term_string\"}}],\"inLanguage\":\"es\"}]}<\/script>\n<!-- \/ Yoast SEO plugin. -->","yoast_head_json":{"title":"Vertigo Motors I Vertigo Experience & Passion I Vertical 2021","description":"La Vertical se ha erigido a lo largo de las \u00faltimas temporadas como una de las motocicletas m\u00e1s competitivas del mercado. Ha demostrado su rendimiento y capacidad para superar cualquier zona.","robots":{"index":"index","follow":"follow","max-snippet":"max-snippet:-1","max-image-preview":"max-image-preview:large","max-video-preview":"max-video-preview:-1"},"canonical":"https:\/\/www.vertigomotors.com\/es\/vertical-2021\/","og_locale":"es_ES","og_type":"article","og_title":"Vertigo Motors I Vertigo Experience & Passion I Vertical 2021","og_description":"La Vertical se ha erigido a lo largo de las \u00faltimas temporadas como una de las motocicletas m\u00e1s competitivas del mercado. Ha demostrado su rendimiento y capacidad para superar cualquier zona.","og_url":"https:\/\/www.vertigomotors.com\/es\/vertical-2021\/","og_site_name":"Vertigo Motors","article_modified_time":"2022-04-27T09:26:24+00:00","twitter_card":"summary_large_image","twitter_misc":{"Tiempo de lectura":"9 minutos"},"schema":{"@context":"https:\/\/schema.org","@graph":[{"@type":"WebPage","@id":"https:\/\/www.vertigomotors.com\/es\/vertical-2021\/","url":"https:\/\/www.vertigomotors.com\/es\/vertical-2021\/","name":"Vertigo Motors I Vertigo Experience & Passion I Vertical 2021","isPartOf":{"@id":"https:\/\/www.vertigomotors.com\/es\/#website"},"datePublished":"2021-08-19T09:30:04+00:00","dateModified":"2022-04-27T09:26:24+00:00","description":"La Vertical se ha erigido a lo largo de las \u00faltimas temporadas como una de las motocicletas m\u00e1s competitivas del mercado. Ha demostrado su rendimiento y capacidad para superar cualquier zona.","breadcrumb":{"@id":"https:\/\/www.vertigomotors.com\/es\/vertical-2021\/#breadcrumb"},"inLanguage":"es","potentialAction":[{"@type":"ReadAction","target":["https:\/\/www.vertigomotors.com\/es\/vertical-2021\/"]}]},{"@type":"BreadcrumbList","@id":"https:\/\/www.vertigomotors.com\/es\/vertical-2021\/#breadcrumb","itemListElement":[{"@type":"ListItem","position":1,"name":"Inicio","item":"https:\/\/www.vertigomotors.com\/es\/"},{"@type":"ListItem","position":2,"name":"Vertical 2021"}]},{"@type":"WebSite","@id":"https:\/\/www.vertigomotors.com\/es\/#website","url":"https:\/\/www.vertigomotors.com\/es\/","name":"Vertigo Motors","description":"Vertigo Motors","potentialAction":[{"@type":"SearchAction","target":{"@type":"EntryPoint","urlTemplate":"https:\/\/www.vertigomotors.com\/es\/?s={search_term_string}"},"query-input":{"@type":"PropertyValueSpecification","valueRequired":true,"valueName":"search_term_string"}}],"inLanguage":"es"}]}},"_links":{"self":[{"href":"https:\/\/www.vertigomotors.com\/es\/wp-json\/wp\/v2\/pages\/2647","targetHints":{"allow":["GET"]}}],"collection":[{"href":"https:\/\/www.vertigomotors.com\/es\/wp-json\/wp\/v2\/pages"}],"about":[{"href":"https:\/\/www.vertigomotors.com\/es\/wp-json\/wp\/v2\/types\/page"}],"author":[{"embeddable":true,"href":"https:\/\/www.vertigomotors.com\/es\/wp-json\/wp\/v2\/users\/1"}],"replies":[{"embeddable":true,"href":"https:\/\/www.vertigomotors.com\/es\/wp-json\/wp\/v2\/comments?post=2647"}],"version-history":[{"count":14,"href":"https:\/\/www.vertigomotors.com\/es\/wp-json\/wp\/v2\/pages\/2647\/revisions"}],"predecessor-version":[{"id":9225,"href":"https:\/\/www.vertigomotors.com\/es\/wp-json\/wp\/v2\/pages\/2647\/revisions\/9225"}],"wp:attachment":[{"href":"https:\/\/www.vertigomotors.com\/es\/wp-json\/wp\/v2\/media?parent=2647"}],"curies":[{"name":"wp","href":"https:\/\/api.w.org\/{rel}","templated":true}]}}